{"id":13215,"date":"2016-05-05T09:38:04","date_gmt":"2016-05-05T08:38:04","guid":{"rendered":"http:\/\/www.vize.cz\/en\/?page_id=13215"},"modified":"2025-02-04T11:40:10","modified_gmt":"2025-02-04T10:40:10","slug":"laureates","status":"publish","type":"page","link":"https:\/\/www.vize.cz\/en\/culture\/the-vize-97-prize\/laureates\/","title":{"rendered":"Laureates"},"content":{"rendered":"\r\n<p>&nbsp;<\/p>\r\n\r\n<h3>Laureates of the Dagmar and V\u00e1clav Havel Foundation VIZE 97 Prize<\/h3>\r\n<hr \/>\r\n<h4><strong>Miroslav Pet\u0159\u00ed\u010dek\u00a0<\/strong><\/h4>\r\n<p>2024<\/p>\r\n<p>A Czech philosopher and art theory scholar awarded for opening pathways to contemporary philosophical thought, thematizing its boundaries, and its relationships to art and science.<\/p>\r\n<p><a href=\"https:\/\/www.vize.cz\/wp-content\/uploads\/2025\/02\/62-_99A5240.jpg\" class=\"thickbox\" data-rel=\"thickbox\"><img loading=\"lazy\" decoding=\"async\" class=\"alignleft size-medium wp-image-26898\" src=\"https:\/\/www.vize.cz\/wp-content\/uploads\/2025\/02\/62-_99A5240-300x200.jpg\" alt=\"\" width=\"300\" height=\"200\" srcset=\"https:\/\/www.vize.cz\/wp-content\/uploads\/2025\/02\/62-_99A5240-300x200.jpg 300w, https:\/\/www.vize.cz\/wp-content\/uploads\/2025\/02\/62-_99A5240-1024x683.jpg 1024w, https:\/\/www.vize.cz\/wp-content\/uploads\/2025\/02\/62-_99A5240-768x512.jpg 768w, https:\/\/www.vize.cz\/wp-content\/uploads\/2025\/02\/62-_99A5240-1536x1025.jpg 1536w, https:\/\/www.vize.cz\/wp-content\/uploads\/2025\/02\/62-_99A5240-810x540.jpg 810w, https:\/\/www.vize.cz\/wp-content\/uploads\/2025\/02\/62-_99A5240-600x400.jpg 600w, https:\/\/www.vize.cz\/wp-content\/uploads\/2025\/02\/62-_99A5240.jpg 2048w\" sizes=\"auto, (max-width: 300px) 100vw, 300px\" \/><\/a><\/p>\r\n<p>&nbsp;<\/p>\r\n<hr \/>\r\n<h4><strong>John C. Lennox<\/strong><\/h4>\r\n<p>2023<\/p>\r\n<p>Irish mathematician awarded\u00a0for an unmissable contribution to the public debate about the role of religion in contemporary civilization.<\/p>\r\n<p><a href=\"https:\/\/www.vize.cz\/wp-content\/uploads\/2023\/10\/Foto-DHJohn-Lennox.jpg\" class=\"thickbox\" data-rel=\"thickbox\"><img loading=\"lazy\" decoding=\"async\" class=\"wp-image-25740 size-medium alignnone\" src=\"https:\/\/www.vize.cz\/wp-content\/uploads\/2023\/10\/Foto-DHJohn-Lennox-245x300.jpg\" alt=\"\" width=\"245\" height=\"300\" srcset=\"https:\/\/www.vize.cz\/wp-content\/uploads\/2023\/10\/Foto-DHJohn-Lennox-245x300.jpg 245w, https:\/\/www.vize.cz\/wp-content\/uploads\/2023\/10\/Foto-DHJohn-Lennox-300x367.jpg 300w, https:\/\/www.vize.cz\/wp-content\/uploads\/2023\/10\/Foto-DHJohn-Lennox.jpg 490w\" sizes=\"auto, (max-width: 245px) 100vw, 245px\" \/><\/a><\/p>\r\n<hr \/>\r\n<h4><strong style=\"font-size: revert; color: initial;\">Alena Hadravov\u00e1 and Petr Hadrava<\/strong><\/h4>\r\n<p>2022<\/p>\r\n<p>Czech scientists working together in the field of history of astronomy<\/p>\r\n<p><a href=\"https:\/\/www.vize.cz\/wp-content\/uploads\/2022\/09\/IMG_7897_resize-1.jpg\" class=\"thickbox\" data-rel=\"thickbox\"><img loading=\"lazy\" decoding=\"async\" class=\"size-medium wp-image-23709 alignnone\" src=\"https:\/\/www.vize.cz\/wp-content\/uploads\/2022\/09\/IMG_7897_resize-1-300x200.jpg\" alt=\"\" width=\"300\" height=\"200\" srcset=\"https:\/\/www.vize.cz\/wp-content\/uploads\/2022\/09\/IMG_7897_resize-1-300x200.jpg 300w, https:\/\/www.vize.cz\/wp-content\/uploads\/2022\/09\/IMG_7897_resize-1-768x512.jpg 768w, https:\/\/www.vize.cz\/wp-content\/uploads\/2022\/09\/IMG_7897_resize-1-600x400.jpg 600w, https:\/\/www.vize.cz\/wp-content\/uploads\/2022\/09\/IMG_7897_resize-1.jpg 803w\" sizes=\"auto, (max-width: 300px) 100vw, 300px\" \/><\/a><\/p>\r\n<hr \/>\r\n<p>2021<\/p>\r\n<h4><strong>Thousands of nameless people who fought on the front line with the coronavirus pandemic<\/strong><\/h4>\r\n<h4><a href=\"https:\/\/www.vize.cz\/wp-content\/uploads\/2022\/09\/Cena-Nadace-laureati-2021.jpg\" class=\"thickbox\" data-rel=\"thickbox\"><img loading=\"lazy\" decoding=\"async\" class=\"alignnone size-medium wp-image-23676\" src=\"https:\/\/www.vize.cz\/wp-content\/uploads\/2022\/09\/Cena-Nadace-laureati-2021-225x300.jpg\" alt=\"\" width=\"225\" height=\"300\" srcset=\"https:\/\/www.vize.cz\/wp-content\/uploads\/2022\/09\/Cena-Nadace-laureati-2021-225x300.jpg 225w, https:\/\/www.vize.cz\/wp-content\/uploads\/2022\/09\/Cena-Nadace-laureati-2021-768x1024.jpg 768w, https:\/\/www.vize.cz\/wp-content\/uploads\/2022\/09\/Cena-Nadace-laureati-2021-608x810.jpg 608w, https:\/\/www.vize.cz\/wp-content\/uploads\/2022\/09\/Cena-Nadace-laureati-2021-300x400.jpg 300w, https:\/\/www.vize.cz\/wp-content\/uploads\/2022\/09\/Cena-Nadace-laureati-2021-600x800.jpg 600w, https:\/\/www.vize.cz\/wp-content\/uploads\/2022\/09\/Cena-Nadace-laureati-2021.jpg 1000w\" sizes=\"auto, (max-width: 225px) 100vw, 225px\" \/><\/a><\/h4>\r\n<hr \/>\r\n<h4>Ivan Chvat\u00edk<\/h4>\r\n<p>2020<\/p>\r\n<p>Czech philosopher, translator and founder of the Jan Pato\u010dka Archive<\/p>\r\n<h4><a href=\"https:\/\/www.vize.cz\/wp-content\/uploads\/2020\/10\/Foto-Ivan-Chvatik-CTS.jpg\" class=\"thickbox\" data-rel=\"thickbox\"><img loading=\"lazy\" decoding=\"async\" class=\"alignnone size-medium wp-image-18994\" src=\"https:\/\/www.vize.cz\/wp-content\/uploads\/2020\/10\/Foto-Ivan-Chvatik-CTS-270x300.jpg\" alt=\"\" width=\"270\" height=\"300\" srcset=\"https:\/\/www.vize.cz\/wp-content\/uploads\/2020\/10\/Foto-Ivan-Chvatik-CTS-270x300.jpg 270w, https:\/\/www.vize.cz\/wp-content\/uploads\/2020\/10\/Foto-Ivan-Chvatik-CTS-768x852.jpg 768w, https:\/\/www.vize.cz\/wp-content\/uploads\/2020\/10\/Foto-Ivan-Chvatik-CTS-730x810.jpg 730w, https:\/\/www.vize.cz\/wp-content\/uploads\/2020\/10\/Foto-Ivan-Chvatik-CTS-300x333.jpg 300w, https:\/\/www.vize.cz\/wp-content\/uploads\/2020\/10\/Foto-Ivan-Chvatik-CTS-600x666.jpg 600w, https:\/\/www.vize.cz\/wp-content\/uploads\/2020\/10\/Foto-Ivan-Chvatik-CTS.jpg 901w\" sizes=\"auto, (max-width: 270px) 100vw, 270px\" \/><\/a><\/h4>\r\n<hr \/>\r\n<h4 style=\"text-align: justify;\">Martin B\u00fatora<\/h4>\r\n<p>2019<\/p>\r\n<p>Slovak sociologist, writer and diplomat<\/p>\r\n<p><a href=\"https:\/\/www.vize.cz\/wp-content\/uploads\/2019\/10\/028FOTO-ALAN-PAJER.jpg\" class=\"thickbox\" data-rel=\"thickbox\"><img loading=\"lazy\" decoding=\"async\" class=\"alignnone size-medium wp-image-15080\" src=\"https:\/\/www.vize.cz\/wp-content\/uploads\/2019\/10\/028FOTO-ALAN-PAJER-300x200.jpg\" alt=\"\" width=\"300\" height=\"200\" srcset=\"https:\/\/www.vize.cz\/wp-content\/uploads\/2019\/10\/028FOTO-ALAN-PAJER-300x200.jpg 300w, https:\/\/www.vize.cz\/wp-content\/uploads\/2019\/10\/028FOTO-ALAN-PAJER-600x400.jpg 600w, https:\/\/www.vize.cz\/wp-content\/uploads\/2019\/10\/028FOTO-ALAN-PAJER-768x512.jpg 768w, https:\/\/www.vize.cz\/wp-content\/uploads\/2019\/10\/028FOTO-ALAN-PAJER-1024x683.jpg 1024w, https:\/\/www.vize.cz\/wp-content\/uploads\/2019\/10\/028FOTO-ALAN-PAJER-810x540.jpg 810w\" sizes=\"auto, (max-width: 300px) 100vw, 300px\" \/><\/a><\/p>\r\n<hr \/>\r\n<h4>Josef Ja\u0159ab<\/h4>\r\n<p>2018<\/p>\r\n<p>Czech university professor of English and American literature<\/p>\r\n<p><a href=\"https:\/\/www.vize.cz\/wp-content\/uploads\/2018\/10\/IMG_0392a-1.jpg\" class=\"thickbox\" data-rel=\"thickbox\"><img loading=\"lazy\" decoding=\"async\" class=\"alignnone size-medium wp-image-14827\" src=\"https:\/\/www.vize.cz\/wp-content\/uploads\/2018\/10\/IMG_0392a-1-300x200.jpg\" alt=\"\" width=\"300\" height=\"200\" srcset=\"https:\/\/www.vize.cz\/wp-content\/uploads\/2018\/10\/IMG_0392a-1-300x200.jpg 300w, https:\/\/www.vize.cz\/wp-content\/uploads\/2018\/10\/IMG_0392a-1-scaled-600x400.jpg 600w, https:\/\/www.vize.cz\/wp-content\/uploads\/2018\/10\/IMG_0392a-1-768x512.jpg 768w, https:\/\/www.vize.cz\/wp-content\/uploads\/2018\/10\/IMG_0392a-1-1024x683.jpg 1024w, https:\/\/www.vize.cz\/wp-content\/uploads\/2018\/10\/IMG_0392a-1-810x540.jpg 810w\" sizes=\"auto, (max-width: 300px) 100vw, 300px\" \/><\/a><\/p>\r\n<hr \/>\r\n<h4>Nathaniel David Mermin<\/h4>\r\n<p>2017<br \/>American theoretical physicist and university professor<\/p>\r\n<p>(<a href=\"https:\/\/www.vize.cz\/wp-content\/uploads\/2017\/10\/vize-2017-laudatio-EN.pdf\">laudatio<\/a>, <a href=\"https:\/\/www.vize.cz\/wp-content\/uploads\/2017\/10\/vize-2017-prednaska-EN.pdf\">speech<\/a>)<\/p>\r\n<p><a href=\"https:\/\/www.vize.cz\/wp-content\/uploads\/2017\/10\/IMG_0066_foto_jpertakova.jpg\" class=\"thickbox\" data-rel=\"thickbox\"><img loading=\"lazy\" decoding=\"async\" class=\"alignnone size-medium wp-image-14699\" src=\"https:\/\/www.vize.cz\/wp-content\/uploads\/2017\/10\/IMG_0066_foto_jpertakova-200x300.jpg\" alt=\"\" width=\"200\" height=\"300\" srcset=\"https:\/\/www.vize.cz\/wp-content\/uploads\/2017\/10\/IMG_0066_foto_jpertakova-200x300.jpg 200w, https:\/\/www.vize.cz\/wp-content\/uploads\/2017\/10\/IMG_0066_foto_jpertakova-300x450.jpg 300w, https:\/\/www.vize.cz\/wp-content\/uploads\/2017\/10\/IMG_0066_foto_jpertakova-600x900.jpg 600w, https:\/\/www.vize.cz\/wp-content\/uploads\/2017\/10\/IMG_0066_foto_jpertakova-768x1152.jpg 768w, https:\/\/www.vize.cz\/wp-content\/uploads\/2017\/10\/IMG_0066_foto_jpertakova-683x1024.jpg 683w, https:\/\/www.vize.cz\/wp-content\/uploads\/2017\/10\/IMG_0066_foto_jpertakova-540x810.jpg 540w, https:\/\/www.vize.cz\/wp-content\/uploads\/2017\/10\/IMG_0066_foto_jpertakova.jpg 800w\" sizes=\"auto, (max-width: 200px) 100vw, 200px\" \/><\/a><\/p>\r\n<hr \/>\r\n<h4 style=\"text-align: justify;\">Jan Sokol<\/h4>\r\n<p style=\"text-align: justify;\">2016<br \/>Czech\u00a0philosopher, translator and university professor<\/p>\r\n<p><a href=\"https:\/\/www.vize.cz\/wp-content\/uploads\/2017\/01\/CENY-VIZE-901620161005FOTO-A-PAJER0055.jpg\" class=\"thickbox\" data-rel=\"thickbox\"><img loading=\"lazy\" decoding=\"async\" class=\"alignnone size-medium wp-image-14447\" src=\"https:\/\/www.vize.cz\/wp-content\/uploads\/2017\/01\/CENY-VIZE-901620161005FOTO-A-PAJER0055-300x217.jpg\" alt=\"\" width=\"300\" height=\"217\" srcset=\"https:\/\/www.vize.cz\/wp-content\/uploads\/2017\/01\/CENY-VIZE-901620161005FOTO-A-PAJER0055-300x217.jpg 300w, https:\/\/www.vize.cz\/wp-content\/uploads\/2017\/01\/CENY-VIZE-901620161005FOTO-A-PAJER0055-600x433.jpg 600w, https:\/\/www.vize.cz\/wp-content\/uploads\/2017\/01\/CENY-VIZE-901620161005FOTO-A-PAJER0055-768x555.jpg 768w, https:\/\/www.vize.cz\/wp-content\/uploads\/2017\/01\/CENY-VIZE-901620161005FOTO-A-PAJER0055-1024x740.jpg 1024w, https:\/\/www.vize.cz\/wp-content\/uploads\/2017\/01\/CENY-VIZE-901620161005FOTO-A-PAJER0055-810x585.jpg 810w, https:\/\/www.vize.cz\/wp-content\/uploads\/2017\/01\/CENY-VIZE-901620161005FOTO-A-PAJER0055.jpg 1063w\" sizes=\"auto, (max-width: 300px) 100vw, 300px\" \/><\/a><\/p>\r\n<hr \/>\r\n<h4 style=\"text-align: justify;\">Timothy Snyder<\/h4>\r\n<p style=\"text-align: justify;\">2015<br \/>American historian and author<\/p>\r\n<p><a href=\"https:\/\/www.vize.cz\/wp-content\/uploads\/2016\/02\/100foto-a-pajer.jpg\" class=\"thickbox\" data-rel=\"thickbox\"><img loading=\"lazy\" decoding=\"async\" class=\"alignnone wp-image-13102\" src=\"https:\/\/www.vize.cz\/wp-content\/uploads\/2016\/02\/100foto-a-pajer-300x240.jpg\" alt=\"100foto a pajer\" width=\"199\" height=\"159\" srcset=\"https:\/\/www.vize.cz\/wp-content\/uploads\/2016\/02\/100foto-a-pajer-300x240.jpg 300w, https:\/\/www.vize.cz\/wp-content\/uploads\/2016\/02\/100foto-a-pajer-600x480.jpg 600w, https:\/\/www.vize.cz\/wp-content\/uploads\/2016\/02\/100foto-a-pajer-768x614.jpg 768w, https:\/\/www.vize.cz\/wp-content\/uploads\/2016\/02\/100foto-a-pajer.jpg 775w\" sizes=\"auto, (max-width: 199px) 100vw, 199px\" \/><\/a><\/p>\r\n<hr \/>\r\n<h4>Andrew Lass<\/h4>\r\n<p>2014<br \/>American social and cultural anthropologist, surrealist,<br \/>photographer and author of Czech poems<br \/><a href=\"https:\/\/www.vize.cz\/wp-content\/uploads\/2016\/02\/Lass.jpg\" class=\"thickbox\" data-rel=\"thickbox\"><img loading=\"lazy\" decoding=\"async\" class=\"alignnone wp-image-13104\" src=\"https:\/\/www.vize.cz\/wp-content\/uploads\/2016\/02\/Lass-300x200.jpg\" alt=\"Lass\" width=\"194\" height=\"129\" srcset=\"https:\/\/www.vize.cz\/wp-content\/uploads\/2016\/02\/Lass-300x200.jpg 300w, https:\/\/www.vize.cz\/wp-content\/uploads\/2016\/02\/Lass-600x399.jpg 600w, https:\/\/www.vize.cz\/wp-content\/uploads\/2016\/02\/Lass.jpg 681w\" sizes=\"auto, (max-width: 194px) 100vw, 194px\" \/><\/a><\/p>\r\n<hr \/>\r\n<h4>Ji\u0159\u00ed Fiala \u2013 \u201ein memoriam\u201c<\/h4>\r\n<p>2013<br \/>Significant Czech mathematician, analytic philosopher and translator<\/p>\r\n<p><a href=\"https:\/\/www.vize.cz\/wp-content\/uploads\/2016\/02\/2013.jpg\" class=\"thickbox\" data-rel=\"thickbox\"><img loading=\"lazy\" decoding=\"async\" class=\"alignnone size-full wp-image-13105\" src=\"https:\/\/www.vize.cz\/wp-content\/uploads\/2016\/02\/2013.jpg\" alt=\"2013\" width=\"188\" height=\"256\" \/><\/a><\/p>\r\n<hr \/>\r\n<h4>Miloslav Petrusek \u2013 \u201ein memoriam\u201c<\/h4>\r\n<p>2012<br \/>Distinguished Czech sociologist and university professor<\/p>\r\n<p><a href=\"https:\/\/www.vize.cz\/wp-content\/uploads\/2016\/02\/2012.jpg\" class=\"thickbox\" data-rel=\"thickbox\"><img loading=\"lazy\" decoding=\"async\" class=\"alignnone size-full wp-image-13106\" src=\"https:\/\/www.vize.cz\/wp-content\/uploads\/2016\/02\/2012.jpg\" alt=\"2012\" width=\"188\" height=\"282\" \/><\/a><\/p>\r\n<hr \/>\r\n<h4>Iva Moj\u017ei\u0161ov\u00e1<\/h4>\r\n<p>2011<br \/>Significant Slovak art theoretic<\/p>\r\n<p><a href=\"https:\/\/www.vize.cz\/wp-content\/uploads\/2016\/02\/2011.jpg\" class=\"thickbox\" data-rel=\"thickbox\"><img loading=\"lazy\" decoding=\"async\" class=\"alignnone size-full wp-image-13107\" src=\"https:\/\/www.vize.cz\/wp-content\/uploads\/2016\/02\/2011.jpg\" alt=\"2011\" width=\"188\" height=\"133\" \/><\/a><\/p>\r\n<hr \/>\r\n<h4>Konrad Paul Liessmann<\/h4>\r\n<p>2010<br \/>Outstanding Austrian essayist, literary critic and philosopher<\/p>\r\n<p><a href=\"https:\/\/www.vize.cz\/wp-content\/uploads\/2016\/02\/2010.jpg\" class=\"thickbox\" data-rel=\"thickbox\"><img loading=\"lazy\" decoding=\"async\" class=\"alignnone size-full wp-image-13108\" src=\"https:\/\/www.vize.cz\/wp-content\/uploads\/2016\/02\/2010.jpg\" alt=\"2010\" width=\"188\" height=\"133\" \/><\/a><\/p>\r\n<hr \/>\r\n<h4>V\u00e1clav C\u00edlek<\/h4>\r\n<p>2009<br \/>Distinguished Czech geologist, climatologist, writer, philosopher and populariser of science<\/p>\r\n<p><a href=\"https:\/\/www.vize.cz\/wp-content\/uploads\/2016\/02\/2009.jpg\" class=\"thickbox\" data-rel=\"thickbox\"><img loading=\"lazy\" decoding=\"async\" class=\"alignnone size-full wp-image-13109\" src=\"https:\/\/www.vize.cz\/wp-content\/uploads\/2016\/02\/2009.jpg\" alt=\"2009\" width=\"188\" height=\"133\" \/><\/a><\/p>\r\n<hr \/>\r\n<h4>Julia Kristeva<\/h4>\r\n<p>2008<br \/>Significant writer, linguist and psychoanalyst<br \/>(<a href=\"https:\/\/www.vize.cz\/wp-content\/uploads\/2016\/05\/laureat-julia-kristeva-en-laudatio.pdf\" target=\"_blank\" rel=\"noopener\">laudatio<\/a>,\u00a0<a href=\"https:\/\/www.vize.cz\/wp-content\/uploads\/2016\/05\/laureat-julia-kristeva-en-speech.pdf\" target=\"_blank\" rel=\"noopener\">speech<\/a>)<\/p>\r\n<p><a href=\"https:\/\/www.vize.cz\/wp-content\/uploads\/2016\/02\/2008.jpg\" class=\"thickbox\" data-rel=\"thickbox\"><img loading=\"lazy\" decoding=\"async\" class=\"alignnone size-full wp-image-13110\" src=\"https:\/\/www.vize.cz\/wp-content\/uploads\/2016\/02\/2008.jpg\" alt=\"2008\" width=\"188\" height=\"133\" \/><\/a><\/p>\r\n<hr \/>\r\n<h4>Stanislav Grof<\/h4>\r\n<p>2007<br \/>Significant American psychologist and psychiatrist of Czech origin<br \/>(<a href=\"https:\/\/www.vize.cz\/wp-content\/uploads\/2016\/05\/laureat-stanislav-grof-en-laudatio.pdf\" target=\"_blank\" rel=\"noopener\">laudatio<\/a>,\u00a0<a href=\"https:\/\/www.vize.cz\/wp-content\/uploads\/2016\/05\/laureat-stanislav-grof-en-speech.pdf\" target=\"_blank\" rel=\"noopener\">speech<\/a>)<\/p>\r\n<p><a href=\"https:\/\/www.vize.cz\/wp-content\/uploads\/2016\/02\/2007.jpg\" class=\"thickbox\" data-rel=\"thickbox\"><img loading=\"lazy\" decoding=\"async\" class=\"alignnone size-full wp-image-13111\" src=\"https:\/\/www.vize.cz\/wp-content\/uploads\/2016\/02\/2007.jpg\" alt=\"2007\" width=\"188\" height=\"133\" \/><\/a><\/p>\r\n<hr \/>\r\n<h4>Zygmunt Bauman<\/h4>\r\n<p>2006<br \/>World-renowned sociologist<br \/>(<a href=\"https:\/\/www.vize.cz\/wp-content\/uploads\/2016\/05\/laureat-zygmunt-bauman-en-laudatio.pdf\" target=\"_blank\" rel=\"noopener\">laudatio<\/a>,\u00a0<a href=\"https:\/\/www.vize.cz\/wp-content\/uploads\/2016\/05\/laureat-zygmunt-bauman-en-speech.pdf\" target=\"_blank\" rel=\"noopener\">speech<\/a>)<\/p>\r\n<p><a href=\"https:\/\/www.vize.cz\/wp-content\/uploads\/2016\/02\/2006.jpg\" class=\"thickbox\" data-rel=\"thickbox\"><img loading=\"lazy\" decoding=\"async\" class=\"alignnone size-full wp-image-13112\" src=\"https:\/\/www.vize.cz\/wp-content\/uploads\/2016\/02\/2006.jpg\" alt=\"2006\" width=\"188\" height=\"133\" \/><\/a><\/p>\r\n<hr \/>\r\n<h4>Philip G. Zimbardo<\/h4>\r\n<p>2005<br \/>World-renowned psychologist<br \/>(<a href=\"https:\/\/www.vize.cz\/wp-content\/uploads\/2016\/05\/laureat-philip-g-zimbardo-en-laudatio.pdf\" target=\"_blank\" rel=\"noopener\">laudatio<\/a>,\u00a0<a href=\"https:\/\/www.vize.cz\/wp-content\/uploads\/2016\/05\/laureat-philip-g-zimbardo-en-speech.pdf\" target=\"_blank\" rel=\"noopener\">speech<\/a>)<\/p>\r\n<p><a href=\"https:\/\/www.vize.cz\/wp-content\/uploads\/2016\/02\/2005.jpg\" class=\"thickbox\" data-rel=\"thickbox\"><img loading=\"lazy\" decoding=\"async\" class=\"alignnone size-full wp-image-13113\" src=\"https:\/\/www.vize.cz\/wp-content\/uploads\/2016\/02\/2005.jpg\" alt=\"2005\" width=\"188\" height=\"133\" \/><\/a><\/p>\r\n<hr \/>\r\n<h4>Petr Vop\u011bnka<\/h4>\r\n<p>2004<br \/>World-renowned mathematician and former Minister of Education<br \/>(<a href=\"https:\/\/www.vize.cz\/wp-content\/uploads\/2016\/05\/laureat-petr-vopenka-en-bio.pdf\" target=\"_blank\" rel=\"noopener\">biography<\/a>)<\/p>\r\n<p><a href=\"https:\/\/www.vize.cz\/wp-content\/uploads\/2016\/02\/2004.jpg\" class=\"thickbox\" data-rel=\"thickbox\"><img loading=\"lazy\" decoding=\"async\" class=\"alignnone size-full wp-image-13114\" src=\"https:\/\/www.vize.cz\/wp-content\/uploads\/2016\/02\/2004.jpg\" alt=\"2004\" width=\"188\" height=\"133\" \/><\/a><\/p>\r\n<hr \/>\r\n<h4>Robert B. Reich<\/h4>\r\n<p>2003<br \/>Renowned American economist and former member of President Bill Clinton\u2019s administration<br \/>(<a href=\"https:\/\/www.vize.cz\/wp-content\/uploads\/2016\/05\/laureat-robert-b-reich-en-speech.pdf\" target=\"_blank\" rel=\"noopener\">speech<\/a>)<\/p>\r\n<p><a href=\"https:\/\/www.vize.cz\/wp-content\/uploads\/2016\/02\/2003.jpg\" class=\"thickbox\" data-rel=\"thickbox\"><img loading=\"lazy\" decoding=\"async\" class=\"alignnone size-full wp-image-13115\" src=\"https:\/\/www.vize.cz\/wp-content\/uploads\/2016\/02\/2003.jpg\" alt=\"2003\" width=\"188\" height=\"133\" \/><\/a><\/p>\r\n<hr \/>\r\n<h4>Joseph Weizenbaum<\/h4>\r\n<p>2002<br \/>German-born American computer scientist and thinker<\/p>\r\n<p><a href=\"https:\/\/www.vize.cz\/wp-content\/uploads\/2016\/02\/2002.jpg\" class=\"thickbox\" data-rel=\"thickbox\"><img loading=\"lazy\" decoding=\"async\" class=\"alignnone size-full wp-image-13116\" src=\"https:\/\/www.vize.cz\/wp-content\/uploads\/2016\/02\/2002.jpg\" alt=\"2002\" width=\"188\" height=\"133\" \/><\/a><\/p>\r\n<hr \/>\r\n<h4>Zden\u011bk Neubauer<\/h4>\r\n<p>2001<br \/>Czech scientist and philosopher<\/p>\r\n<p><a href=\"https:\/\/www.vize.cz\/wp-content\/uploads\/2016\/02\/2001.jpg\" class=\"thickbox\" data-rel=\"thickbox\"><img loading=\"lazy\" decoding=\"async\" class=\"alignnone size-full wp-image-13117\" src=\"https:\/\/www.vize.cz\/wp-content\/uploads\/2016\/02\/2001.jpg\" alt=\"2001\" width=\"188\" height=\"133\" \/><\/a><\/p>\r\n<hr \/>\r\n<h4>Umberto Eco<\/h4>\r\n<p>2000<br \/>World-renowned semioticist and writer<\/p>\r\n<p><a href=\"https:\/\/www.vize.cz\/wp-content\/uploads\/2016\/02\/2000.jpg\" class=\"thickbox\" data-rel=\"thickbox\"><img loading=\"lazy\" decoding=\"async\" class=\"alignnone size-full wp-image-13118\" src=\"https:\/\/www.vize.cz\/wp-content\/uploads\/2016\/02\/2000.jpg\" alt=\"2000\" width=\"188\" height=\"133\" \/><\/a><\/p>\r\n<hr \/>\r\n<h4>Karl H. Pribram<\/h4>\r\n<p>1999<br \/>American neurosurgeon and thinker<\/p>\r\n<p><a href=\"https:\/\/www.vize.cz\/wp-content\/uploads\/2016\/02\/1999.jpg\" class=\"thickbox\" data-rel=\"thickbox\"><img loading=\"lazy\" decoding=\"async\" class=\"alignnone size-full wp-image-13119\" src=\"https:\/\/www.vize.cz\/wp-content\/uploads\/2016\/02\/1999.jpg\" alt=\"1999\" width=\"188\" height=\"133\" \/><\/a><\/p>","protected":false},"excerpt":{"rendered":"<p>&nbsp; Laureates of the Dagmar and V\u00e1clav Havel Foundation VIZE 97 Prize Miroslav Pet\u0159\u00ed\u010dek\u00a0 2024 A Czech philosopher and art&#8230;<\/p>\n","protected":false},"author":25,"featured_media":0,"parent":13172,"menu_order":0,"comment_status":"open","ping_status":"open","template":"","meta":{"_acf_changed":false,"footnotes":""},"class_list":["post-13215","page","type-page","status-publish","hentry"],"acf":[],"yoast_head":"<!-- This site is optimized with the Yoast SEO plugin v26.7 - https:\/\/yoast.com\/wordpress\/plugins\/seo\/ -->\n<title>Laureates - Vize 97<\/title>\n<meta name=\"robots\" content=\"index, follow, max-snippet:-1, max-image-preview:large, max-video-preview:-1\" \/>\n<link rel=\"canonical\" href=\"https:\/\/www.vize.cz\/en\/culture\/the-vize-97-prize\/laureates\/\" \/>\n<meta property=\"og:locale\" content=\"en_US\" \/>\n<meta property=\"og:type\" content=\"article\" \/>\n<meta property=\"og:title\" content=\"Laureates - Vize 97\" \/>\n<meta property=\"og:description\" content=\"&nbsp; Laureates of the Dagmar and V\u00e1clav Havel Foundation VIZE 97 Prize Miroslav Pet\u0159\u00ed\u010dek\u00a0 2024 A Czech philosopher and art...\" \/>\n<meta property=\"og:url\" content=\"https:\/\/www.vize.cz\/en\/culture\/the-vize-97-prize\/laureates\/\" \/>\n<meta property=\"og:site_name\" content=\"Vize 97\" \/>\n<meta property=\"article:modified_time\" content=\"2025-02-04T10:40:10+00:00\" \/>\n<meta property=\"og:image\" content=\"https:\/\/www.vize.cz\/wp-content\/uploads\/2025\/02\/62-_99A5240.jpg\" \/>\n\t<meta property=\"og:image:width\" content=\"2048\" \/>\n\t<meta property=\"og:image:height\" content=\"1366\" \/>\n\t<meta property=\"og:image:type\" content=\"image\/jpeg\" \/>\n<meta name=\"twitter:label1\" content=\"Est. reading time\" \/>\n\t<meta name=\"twitter:data1\" content=\"7 minutes\" \/>\n<script type=\"application\/ld+json\" class=\"yoast-schema-graph\">{\"@context\":\"https:\/\/schema.org\",\"@graph\":[{\"@type\":\"WebPage\",\"@id\":\"https:\/\/www.vize.cz\/en\/culture\/the-vize-97-prize\/laureates\/\",\"url\":\"https:\/\/www.vize.cz\/en\/culture\/the-vize-97-prize\/laureates\/\",\"name\":\"Laureates - Vize 97\",\"isPartOf\":{\"@id\":\"https:\/\/www.vize.cz\/#website\"},\"primaryImageOfPage\":{\"@id\":\"https:\/\/www.vize.cz\/en\/culture\/the-vize-97-prize\/laureates\/#primaryimage\"},\"image\":{\"@id\":\"https:\/\/www.vize.cz\/en\/culture\/the-vize-97-prize\/laureates\/#primaryimage\"},\"thumbnailUrl\":\"https:\/\/www.vize.cz\/wp-content\/uploads\/2025\/02\/62-_99A5240-300x200.jpg\",\"datePublished\":\"2016-05-05T08:38:04+00:00\",\"dateModified\":\"2025-02-04T10:40:10+00:00\",\"breadcrumb\":{\"@id\":\"https:\/\/www.vize.cz\/en\/culture\/the-vize-97-prize\/laureates\/#breadcrumb\"},\"inLanguage\":\"en-US\",\"potentialAction\":[{\"@type\":\"ReadAction\",\"target\":[\"https:\/\/www.vize.cz\/en\/culture\/the-vize-97-prize\/laureates\/\"]}]},{\"@type\":\"ImageObject\",\"inLanguage\":\"en-US\",\"@id\":\"https:\/\/www.vize.cz\/en\/culture\/the-vize-97-prize\/laureates\/#primaryimage\",\"url\":\"https:\/\/www.vize.cz\/wp-content\/uploads\/2025\/02\/62-_99A5240-300x200.jpg\",\"contentUrl\":\"https:\/\/www.vize.cz\/wp-content\/uploads\/2025\/02\/62-_99A5240-300x200.jpg\"},{\"@type\":\"BreadcrumbList\",\"@id\":\"https:\/\/www.vize.cz\/en\/culture\/the-vize-97-prize\/laureates\/#breadcrumb\",\"itemListElement\":[{\"@type\":\"ListItem\",\"position\":1,\"name\":\"\u00davod\",\"item\":\"https:\/\/www.vize.cz\/en\/\"},{\"@type\":\"ListItem\",\"position\":2,\"name\":\"Culture\",\"item\":\"https:\/\/www.vize.cz\/en\/culture\/\"},{\"@type\":\"ListItem\",\"position\":3,\"name\":\"The VIZE 97 Prize\",\"item\":\"https:\/\/www.vize.cz\/en\/culture\/the-vize-97-prize\/\"},{\"@type\":\"ListItem\",\"position\":4,\"name\":\"Laureates\"}]},{\"@type\":\"WebSite\",\"@id\":\"https:\/\/www.vize.cz\/#website\",\"url\":\"https:\/\/www.vize.cz\/\",\"name\":\"Vize 97\",\"description\":\"\",\"potentialAction\":[{\"@type\":\"SearchAction\",\"target\":{\"@type\":\"EntryPoint\",\"urlTemplate\":\"https:\/\/www.vize.cz\/?s={search_term_string}\"},\"query-input\":{\"@type\":\"PropertyValueSpecification\",\"valueRequired\":true,\"valueName\":\"search_term_string\"}}],\"inLanguage\":\"en-US\"}]}<\/script>\n<!-- \/ Yoast SEO plugin. -->","yoast_head_json":{"title":"Laureates - Vize 97","robots":{"index":"index","follow":"follow","max-snippet":"max-snippet:-1","max-image-preview":"max-image-preview:large","max-video-preview":"max-video-preview:-1"},"canonical":"https:\/\/www.vize.cz\/en\/culture\/the-vize-97-prize\/laureates\/","og_locale":"en_US","og_type":"article","og_title":"Laureates - Vize 97","og_description":"&nbsp; Laureates of the Dagmar and V\u00e1clav Havel Foundation VIZE 97 Prize Miroslav Pet\u0159\u00ed\u010dek\u00a0 2024 A Czech philosopher and art...","og_url":"https:\/\/www.vize.cz\/en\/culture\/the-vize-97-prize\/laureates\/","og_site_name":"Vize 97","article_modified_time":"2025-02-04T10:40:10+00:00","og_image":[{"width":2048,"height":1366,"url":"https:\/\/www.vize.cz\/wp-content\/uploads\/2025\/02\/62-_99A5240.jpg","type":"image\/jpeg"}],"twitter_misc":{"Est. reading time":"7 minutes"},"schema":{"@context":"https:\/\/schema.org","@graph":[{"@type":"WebPage","@id":"https:\/\/www.vize.cz\/en\/culture\/the-vize-97-prize\/laureates\/","url":"https:\/\/www.vize.cz\/en\/culture\/the-vize-97-prize\/laureates\/","name":"Laureates - Vize 97","isPartOf":{"@id":"https:\/\/www.vize.cz\/#website"},"primaryImageOfPage":{"@id":"https:\/\/www.vize.cz\/en\/culture\/the-vize-97-prize\/laureates\/#primaryimage"},"image":{"@id":"https:\/\/www.vize.cz\/en\/culture\/the-vize-97-prize\/laureates\/#primaryimage"},"thumbnailUrl":"https:\/\/www.vize.cz\/wp-content\/uploads\/2025\/02\/62-_99A5240-300x200.jpg","datePublished":"2016-05-05T08:38:04+00:00","dateModified":"2025-02-04T10:40:10+00:00","breadcrumb":{"@id":"https:\/\/www.vize.cz\/en\/culture\/the-vize-97-prize\/laureates\/#breadcrumb"},"inLanguage":"en-US","potentialAction":[{"@type":"ReadAction","target":["https:\/\/www.vize.cz\/en\/culture\/the-vize-97-prize\/laureates\/"]}]},{"@type":"ImageObject","inLanguage":"en-US","@id":"https:\/\/www.vize.cz\/en\/culture\/the-vize-97-prize\/laureates\/#primaryimage","url":"https:\/\/www.vize.cz\/wp-content\/uploads\/2025\/02\/62-_99A5240-300x200.jpg","contentUrl":"https:\/\/www.vize.cz\/wp-content\/uploads\/2025\/02\/62-_99A5240-300x200.jpg"},{"@type":"BreadcrumbList","@id":"https:\/\/www.vize.cz\/en\/culture\/the-vize-97-prize\/laureates\/#breadcrumb","itemListElement":[{"@type":"ListItem","position":1,"name":"\u00davod","item":"https:\/\/www.vize.cz\/en\/"},{"@type":"ListItem","position":2,"name":"Culture","item":"https:\/\/www.vize.cz\/en\/culture\/"},{"@type":"ListItem","position":3,"name":"The VIZE 97 Prize","item":"https:\/\/www.vize.cz\/en\/culture\/the-vize-97-prize\/"},{"@type":"ListItem","position":4,"name":"Laureates"}]},{"@type":"WebSite","@id":"https:\/\/www.vize.cz\/#website","url":"https:\/\/www.vize.cz\/","name":"Vize 97","description":"","potentialAction":[{"@type":"SearchAction","target":{"@type":"EntryPoint","urlTemplate":"https:\/\/www.vize.cz\/?s={search_term_string}"},"query-input":{"@type":"PropertyValueSpecification","valueRequired":true,"valueName":"search_term_string"}}],"inLanguage":"en-US"}]}},"_links":{"self":[{"href":"https:\/\/www.vize.cz\/en\/wp-json\/wp\/v2\/pages\/13215","targetHints":{"allow":["GET"]}}],"collection":[{"href":"https:\/\/www.vize.cz\/en\/wp-json\/wp\/v2\/pages"}],"about":[{"href":"https:\/\/www.vize.cz\/en\/wp-json\/wp\/v2\/types\/page"}],"author":[{"embeddable":true,"href":"https:\/\/www.vize.cz\/en\/wp-json\/wp\/v2\/users\/25"}],"replies":[{"embeddable":true,"href":"https:\/\/www.vize.cz\/en\/wp-json\/wp\/v2\/comments?post=13215"}],"version-history":[{"count":27,"href":"https:\/\/www.vize.cz\/en\/wp-json\/wp\/v2\/pages\/13215\/revisions"}],"predecessor-version":[{"id":26907,"href":"https:\/\/www.vize.cz\/en\/wp-json\/wp\/v2\/pages\/13215\/revisions\/26907"}],"up":[{"embeddable":true,"href":"https:\/\/www.vize.cz\/en\/wp-json\/wp\/v2\/pages\/13172"}],"wp:attachment":[{"href":"https:\/\/www.vize.cz\/en\/wp-json\/wp\/v2\/media?parent=13215"}],"curies":[{"name":"wp","href":"https:\/\/api.w.org\/{rel}","templated":true}]}}